{"id":1707,"date":"2022-09-28T13:53:27","date_gmt":"2022-09-28T10:53:27","guid":{"rendered":"https:\/\/visitkerkonkoski.fi\/?post_type=tribe_events&#038;p=1707"},"modified":"2022-09-28T14:17:02","modified_gmt":"2022-09-28T11:17:02","slug":"kerkonkosken-yrittajien-pisnesrehvit-2","status":"publish","type":"tribe_events","link":"https:\/\/visitkerkonkoski.fi\/en\/ajankohtaista\/kerkonkosken-yrittajien-pisnesrehvit-2\/","title":{"rendered":"Kerkonkosken yritt\u00e4jien Pisnesrehvit"},"content":{"rendered":"<p>[et_pb_section fb_built=&#8221;1&#8243; fullwidth=&#8221;on&#8221; theme_builder_area=&#8221;post_content&#8221; _builder_version=&#8221;4.17.4&#8243; _module_preset=&#8221;default&#8221;][et_pb_fullwidth_image src=&#8221;https:\/\/visitkerkonkoski.fi\/wp-content\/uploads\/dylan-gillis-KdeqA3aTnBY-unsplash-scaled.jpg&#8221; _builder_version=&#8221;4.17.4&#8243; _module_preset=&#8221;default&#8221; theme_builder_area=&#8221;post_content&#8221; alt=&#8221;yritt\u00e4j\u00e4t&#8221; title_text=&#8221;dylan-gillis-KdeqA3aTnBY-unsplash&#8221; hover_enabled=&#8221;0&#8243; sticky_enabled=&#8221;0&#8243;][\/et_pb_fullwidth_image][\/et_pb_section][et_pb_section fb_built=&#8221;1&#8243; fullwidth=&#8221;on&#8221; theme_builder_area=&#8221;post_content&#8221; _builder_version=&#8221;4.17.4&#8243; _module_preset=&#8221;default&#8221;][et_pb_fullwidth_post_title _builder_version=&#8221;4.17.4&#8243; _module_preset=&#8221;default&#8221; theme_builder_area=&#8221;post_content&#8221; meta=&#8221;off&#8221; featured_image=&#8221;off&#8221; hover_enabled=&#8221;0&#8243; sticky_enabled=&#8221;0&#8243; title_font_size=&#8221;35px&#8221;][\/et_pb_fullwidth_post_title][\/et_pb_section][et_pb_section fb_built=&#8221;1&#8243; theme_builder_area=&#8221;post_content&#8221; _builder_version=&#8221;4.17.4&#8243; _module_preset=&#8221;default&#8221; custom_padding=&#8221;0px|||||&#8221;][et_pb_row _builder_version=&#8221;4.17.4&#8243; _module_preset=&#8221;default&#8221; theme_builder_area=&#8221;post_content&#8221; hover_enabled=&#8221;0&#8243; sticky_enabled=&#8221;0&#8243;][et_pb_column _builder_version=&#8221;4.17.4&#8243; _module_preset=&#8221;default&#8221; type=&#8221;4_4&#8243; theme_builder_area=&#8221;post_content&#8221; hover_enabled=&#8221;0&#8243; sticky_enabled=&#8221;0&#8243;][et_pb_text admin_label=&#8221;Text&#8221; _builder_version=&#8221;4.17.4&#8243; text_font=&#8221;Armata||||||||&#8221; text_font_size=&#8221;21px&#8221; background_size=&#8221;initial&#8221; background_position=&#8221;top_left&#8221; background_repeat=&#8221;repeat&#8221; custom_padding=&#8221;0px||0px||false|false&#8221; hover_enabled=&#8221;0&#8243; locked=&#8221;off&#8221; global_colors_info=&#8221;{}&#8221; theme_builder_area=&#8221;post_content&#8221; sticky_enabled=&#8221;0&#8243; max_height=&#8221;100px&#8221; height=&#8221;100px&#8221; custom_margin=&#8221;||-12px|||&#8221;]<\/p>\n<div class=\"m8h3af8h l7ghb35v kjdc1dyq kmwttqpk gh25dzvf\"><\/div>\n<div><\/div>\n<h1 class=\"m8h3af8h l7ghb35v kjdc1dyq kmwttqpk gh25dzvf\">Tervetuloa kahvittelemaan rennoissa tunnelmissa Kerkonkosken yritt\u00e4jien kesken!<span style=\"font-size: x-large;\"><\/span><\/h1>\n<div class=\"l7ghb35v kjdc1dyq kmwttqpk gh25dzvf jikcssrz\">\n<p>&nbsp;<\/p>\n<p><strong><\/strong><\/p>\n<\/div>\n<p>[\/et_pb_text][et_pb_text admin_label=&#8221;Text&#8221; _builder_version=&#8221;4.17.4&#8243; text_font=&#8221;Armata||||||||&#8221; text_font_size=&#8221;21px&#8221; background_size=&#8221;initial&#8221; background_position=&#8221;top_left&#8221; background_repeat=&#8221;repeat&#8221; custom_padding=&#8221;6px|||||&#8221; hover_enabled=&#8221;0&#8243; locked=&#8221;off&#8221; global_colors_info=&#8221;{}&#8221; theme_builder_area=&#8221;post_content&#8221; sticky_enabled=&#8221;0&#8243;]<\/p>\n<div class=\"m8h3af8h l7ghb35v kjdc1dyq kmwttqpk gh25dzvf\"><\/div>\n<div><\/div>\n<h1 class=\"m8h3af8h l7ghb35v kjdc1dyq kmwttqpk gh25dzvf\"><strong style=\"font-size: large;\">Olemme muodostamassa Kerkonkosken yritt\u00e4jien verkostoa yhteishengen rakentamiseksi, vertaistuen saamiseksi ja ihan vaan yritt\u00e4jien virkistykseen. Ja tied\u00e4 mit\u00e4 se viel\u00e4 poikii, kun viisaita p\u00e4it\u00e4 ly\u00f6d\u00e4\u00e4n useamman kerran yhteen ;). Porukkaan liittyminen ei maksa mitt\u00e4\u00e4n ja paikalle voit tulla aina kun p\u00e4\u00e4set.<\/strong><\/h1>\n<p><strong style=\"font-size: var(--tec-font-size-4); color: var(--tec-color-text-primary);\"><br \/>Seuraavat kahvit Seuralassa k<\/strong><strong style=\"font-size: var(--tec-font-size-4); color: var(--tec-color-text-primary);\">eskiviikkona 26.10 klo 18-20.<\/strong><\/p>\n<div>\n<p><b>Ilmoittautuminen Johannalle 25.10 menness\u00e4:<br \/><\/b><b><a href=\"mailto:kerkollekylaan@gmail.com\">kerkollekylaan@gmail.com, <\/a><\/b><b><a href=\"mailto:kerkollekylaan@gmail.com\">p. 0400 376585<\/a><\/b><\/p>\n<\/div>\n<div class=\"l7ghb35v kjdc1dyq kmwttqpk gh25dzvf jikcssrz\">\n<p>L\u00e4mpim\u00e4sti tervetuloa!<strong><\/strong><\/p>\n<p><strong><\/strong><\/p>\n<\/div>\n<p>[\/et_pb_text][\/et_pb_column][\/et_pb_row][\/et_pb_section]<\/p>","protected":false},"excerpt":{"rendered":"<p>Tervetuloa kahvittelemaan rennoissa tunnelmissa Kerkonkosken yritt\u00e4jien kesken! &nbsp; Olemme muodostamassa Kerkonkosken yritt\u00e4jien verkostoa yhteishengen rakentamiseksi, vertaistuen saamiseksi ja ihan vaan yritt\u00e4jien virkistykseen. Ja tied\u00e4 mit\u00e4 se viel\u00e4 poikii, kun viisaita [&hellip;]<\/p>","protected":false},"author":4,"featured_media":0,"template":"","meta":{"_et_pb_use_builder":"on","_et_pb_old_content":"Tervetuloa kahvittelemaan rennoissa tunnelmissa Kerkonkosken yritt\u00e4jien kesken!\r\nOlemme muodostamassa Kerkonkosken yritt\u00e4jien verkostoa yhteishengen rakentamiseksi, vertaistuen saamiseksi ja ihan vaan yritt\u00e4jien virkistykseen. Tied\u00e4 mit\u00e4 se viel\u00e4 poikii, kun viisaita p\u00e4it\u00e4 ly\u00f6d\u00e4\u00e4n useamman kerran yhteen ;). Porukkaan liittyminen ei maksa mitt\u00e4\u00e4n ja paikalle voit tulla aina kun p\u00e4\u00e4set!","_et_gb_content_width":"","_monsterinsights_skip_tracking":false,"_monsterinsights_sitenote_active":false,"_monsterinsights_sitenote_note":"","_monsterinsights_sitenote_category":0,"_tribe_events_status":"","_tribe_events_status_reason":"","footnotes":""},"tags":[],"tribe_events_cat":[],"class_list":["post-1707","tribe_events","type-tribe_events","status-publish","hentry"],"yoast_head":"<!-- This site is optimized with the Yoast SEO plugin v26.5 - https:\/\/yoast.com\/wordpress\/plugins\/seo\/ -->\n<title>Kerkonkosken yritt\u00e4jien Pisnesrehvit - Visit Kerkonkoski<\/title>\n<meta name=\"robots\" content=\"index, follow, max-snippet:-1, max-image-preview:large, max-video-preview:-1\" \/>\n<link rel=\"canonical\" href=\"https:\/\/visitkerkonkoski.fi\/en\/ajankohtaista\/kerkonkosken-yrittajien-pisnesrehvit-2\/\" \/>\n<meta property=\"og:locale\" content=\"en_US\" \/>\n<meta property=\"og:type\" content=\"article\" \/>\n<meta property=\"og:title\" content=\"Kerkonkosken yritt\u00e4jien Pisnesrehvit - Visit Kerkonkoski\" \/>\n<meta property=\"og:description\" content=\"Tervetuloa kahvittelemaan rennoissa tunnelmissa Kerkonkosken yritt\u00e4jien kesken! &nbsp; Olemme muodostamassa Kerkonkosken yritt\u00e4jien verkostoa yhteishengen rakentamiseksi, vertaistuen saamiseksi ja ihan vaan yritt\u00e4jien virkistykseen. Ja tied\u00e4 mit\u00e4 se viel\u00e4 poikii, kun viisaita [&hellip;]\" \/>\n<meta property=\"og:url\" content=\"https:\/\/visitkerkonkoski.fi\/en\/ajankohtaista\/kerkonkosken-yrittajien-pisnesrehvit-2\/\" \/>\n<meta property=\"og:site_name\" content=\"Visit Kerkonkoski\" \/>\n<meta property=\"article:modified_time\" content=\"2022-09-28T11:17:02+00:00\" \/>\n<meta property=\"og:image\" content=\"https:\/\/visitkerkonkoski.fi\/wp-content\/uploads\/dylan-gillis-KdeqA3aTnBY-unsplash-scaled.jpg\" \/>\n\t<meta property=\"og:image:width\" content=\"2560\" \/>\n\t<meta property=\"og:image:height\" content=\"1707\" \/>\n\t<meta property=\"og:image:type\" content=\"image\/jpeg\" \/>\n<meta name=\"twitter:card\" content=\"summary_large_image\" \/>\n<meta name=\"twitter:label1\" content=\"Est. reading time\" \/>\n\t<meta name=\"twitter:data1\" content=\"1 minute\" \/>\n<script type=\"application\/ld+json\" class=\"yoast-schema-graph\">{\"@context\":\"https:\/\/schema.org\",\"@graph\":[{\"@type\":\"WebPage\",\"@id\":\"https:\/\/visitkerkonkoski.fi\/ajankohtaista\/kerkonkosken-yrittajien-pisnesrehvit-2\/\",\"url\":\"https:\/\/visitkerkonkoski.fi\/ajankohtaista\/kerkonkosken-yrittajien-pisnesrehvit-2\/\",\"name\":\"Kerkonkosken yritt\u00e4jien Pisnesrehvit - Visit Kerkonkoski\",\"isPartOf\":{\"@id\":\"https:\/\/visitkerkonkoski.fi\/#website\"},\"datePublished\":\"2022-09-28T10:53:27+00:00\",\"dateModified\":\"2022-09-28T11:17:02+00:00\",\"breadcrumb\":{\"@id\":\"https:\/\/visitkerkonkoski.fi\/ajankohtaista\/kerkonkosken-yrittajien-pisnesrehvit-2\/#breadcrumb\"},\"inLanguage\":\"en-US\",\"potentialAction\":[{\"@type\":\"ReadAction\",\"target\":[\"https:\/\/visitkerkonkoski.fi\/ajankohtaista\/kerkonkosken-yrittajien-pisnesrehvit-2\/\"]}]},{\"@type\":\"BreadcrumbList\",\"@id\":\"https:\/\/visitkerkonkoski.fi\/ajankohtaista\/kerkonkosken-yrittajien-pisnesrehvit-2\/#breadcrumb\",\"itemListElement\":[{\"@type\":\"ListItem\",\"position\":1,\"name\":\"Etusivu\",\"item\":\"https:\/\/visitkerkonkoski.fi\/\"},{\"@type\":\"ListItem\",\"position\":2,\"name\":\"Tapahtumat\",\"item\":\"https:\/\/visitkerkonkoski.fi\/events\/\"},{\"@type\":\"ListItem\",\"position\":3,\"name\":\"Kerkonkosken yritt\u00e4jien Pisnesrehvit\"}]},{\"@type\":\"WebSite\",\"@id\":\"https:\/\/visitkerkonkoski.fi\/#website\",\"url\":\"https:\/\/visitkerkonkoski.fi\/\",\"name\":\"Visit Kerkonkoski\",\"description\":\"Kerkonkosken virallinen matkailusivusto\",\"potentialAction\":[{\"@type\":\"SearchAction\",\"target\":{\"@type\":\"EntryPoint\",\"urlTemplate\":\"https:\/\/visitkerkonkoski.fi\/?s={search_term_string}\"},\"query-input\":{\"@type\":\"PropertyValueSpecification\",\"valueRequired\":true,\"valueName\":\"search_term_string\"}}],\"inLanguage\":\"en-US\"}]}<\/script>\n<!-- \/ Yoast SEO plugin. -->","yoast_head_json":{"title":"Kerkonkosken yritt\u00e4jien Pisnesrehvit - Visit Kerkonkoski","robots":{"index":"index","follow":"follow","max-snippet":"max-snippet:-1","max-image-preview":"max-image-preview:large","max-video-preview":"max-video-preview:-1"},"canonical":"https:\/\/visitkerkonkoski.fi\/en\/ajankohtaista\/kerkonkosken-yrittajien-pisnesrehvit-2\/","og_locale":"en_US","og_type":"article","og_title":"Kerkonkosken yritt\u00e4jien Pisnesrehvit - Visit Kerkonkoski","og_description":"Tervetuloa kahvittelemaan rennoissa tunnelmissa Kerkonkosken yritt\u00e4jien kesken! &nbsp; Olemme muodostamassa Kerkonkosken yritt\u00e4jien verkostoa yhteishengen rakentamiseksi, vertaistuen saamiseksi ja ihan vaan yritt\u00e4jien virkistykseen. Ja tied\u00e4 mit\u00e4 se viel\u00e4 poikii, kun viisaita [&hellip;]","og_url":"https:\/\/visitkerkonkoski.fi\/en\/ajankohtaista\/kerkonkosken-yrittajien-pisnesrehvit-2\/","og_site_name":"Visit Kerkonkoski","article_modified_time":"2022-09-28T11:17:02+00:00","og_image":[{"width":2560,"height":1707,"url":"https:\/\/visitkerkonkoski.fi\/wp-content\/uploads\/dylan-gillis-KdeqA3aTnBY-unsplash-scaled.jpg","type":"image\/jpeg"}],"twitter_card":"summary_large_image","twitter_misc":{"Est. reading time":"1 minute"},"schema":{"@context":"https:\/\/schema.org","@graph":[{"@type":"WebPage","@id":"https:\/\/visitkerkonkoski.fi\/ajankohtaista\/kerkonkosken-yrittajien-pisnesrehvit-2\/","url":"https:\/\/visitkerkonkoski.fi\/ajankohtaista\/kerkonkosken-yrittajien-pisnesrehvit-2\/","name":"Kerkonkosken yritt\u00e4jien Pisnesrehvit - Visit Kerkonkoski","isPartOf":{"@id":"https:\/\/visitkerkonkoski.fi\/#website"},"datePublished":"2022-09-28T10:53:27+00:00","dateModified":"2022-09-28T11:17:02+00:00","breadcrumb":{"@id":"https:\/\/visitkerkonkoski.fi\/ajankohtaista\/kerkonkosken-yrittajien-pisnesrehvit-2\/#breadcrumb"},"inLanguage":"en-US","potentialAction":[{"@type":"ReadAction","target":["https:\/\/visitkerkonkoski.fi\/ajankohtaista\/kerkonkosken-yrittajien-pisnesrehvit-2\/"]}]},{"@type":"BreadcrumbList","@id":"https:\/\/visitkerkonkoski.fi\/ajankohtaista\/kerkonkosken-yrittajien-pisnesrehvit-2\/#breadcrumb","itemListElement":[{"@type":"ListItem","position":1,"name":"Etusivu","item":"https:\/\/visitkerkonkoski.fi\/"},{"@type":"ListItem","position":2,"name":"Tapahtumat","item":"https:\/\/visitkerkonkoski.fi\/events\/"},{"@type":"ListItem","position":3,"name":"Kerkonkosken yritt\u00e4jien Pisnesrehvit"}]},{"@type":"WebSite","@id":"https:\/\/visitkerkonkoski.fi\/#website","url":"https:\/\/visitkerkonkoski.fi\/","name":"Visit Kerkonkoski","description":"Kerkonkosken virallinen matkailusivusto","potentialAction":[{"@type":"SearchAction","target":{"@type":"EntryPoint","urlTemplate":"https:\/\/visitkerkonkoski.fi\/?s={search_term_string}"},"query-input":{"@type":"PropertyValueSpecification","valueRequired":true,"valueName":"search_term_string"}}],"inLanguage":"en-US"}]}},"_links":{"self":[{"href":"https:\/\/visitkerkonkoski.fi\/en\/wp-json\/wp\/v2\/tribe_events\/1707","targetHints":{"allow":["GET"]}}],"collection":[{"href":"https:\/\/visitkerkonkoski.fi\/en\/wp-json\/wp\/v2\/tribe_events"}],"about":[{"href":"https:\/\/visitkerkonkoski.fi\/en\/wp-json\/wp\/v2\/types\/tribe_events"}],"author":[{"embeddable":true,"href":"https:\/\/visitkerkonkoski.fi\/en\/wp-json\/wp\/v2\/users\/4"}],"version-history":[{"count":8,"href":"https:\/\/visitkerkonkoski.fi\/en\/wp-json\/wp\/v2\/tribe_events\/1707\/revisions"}],"predecessor-version":[{"id":1720,"href":"https:\/\/visitkerkonkoski.fi\/en\/wp-json\/wp\/v2\/tribe_events\/1707\/revisions\/1720"}],"wp:attachment":[{"href":"https:\/\/visitkerkonkoski.fi\/en\/wp-json\/wp\/v2\/media?parent=1707"}],"wp:term":[{"taxonomy":"post_tag","embeddable":true,"href":"https:\/\/visitkerkonkoski.fi\/en\/wp-json\/wp\/v2\/tags?post=1707"},{"taxonomy":"tribe_events_cat","embeddable":true,"href":"https:\/\/visitkerkonkoski.fi\/en\/wp-json\/wp\/v2\/tribe_events_cat?post=1707"}],"curies":[{"name":"wp","href":"https:\/\/api.w.org\/{rel}","templated":true}]}}