{"id":5325,"date":"2026-04-24T17:55:21","date_gmt":"2026-04-24T14:55:21","guid":{"rendered":"https:\/\/visitkerkonkoski.fi\/?post_type=tribe_events&#038;p=5325"},"modified":"2026-04-24T18:23:43","modified_gmt":"2026-04-24T15:23:43","slug":"kierrata-huolla-ja-opi-perakonttikirppis-ja-kestavan-arjen-paiva","status":"publish","type":"tribe_events","link":"https:\/\/visitkerkonkoski.fi\/en\/ajankohtaista\/kierrata-huolla-ja-opi-perakonttikirppis-ja-kestavan-arjen-paiva\/","title":{"rendered":"Kierr\u00e4t\u00e4, huolla ja opi: Per\u00e4konttikirppis ja kest\u00e4v\u00e4n arjen p\u00e4iv\u00e4"},"content":{"rendered":"<p>[et_pb_section fb_built=&#8221;1&#8243; admin_label=&#8221;section&#8221; _builder_version=&#8221;4.16&#8243; global_colors_info=&#8221;{}&#8221;][et_pb_row admin_label=&#8221;row&#8221; _builder_version=&#8221;4.16&#8243; background_size=&#8221;initial&#8221; background_position=&#8221;top_left&#8221; background_repeat=&#8221;repeat&#8221; global_colors_info=&#8221;{}&#8221;][et_pb_column type=&#8221;4_4&#8243; _builder_version=&#8221;4.16&#8243; custom_padding=&#8221;|||&#8221; global_colors_info=&#8221;{}&#8221; custom_padding__hover=&#8221;|||&#8221;][et_pb_image src=&#8221;https:\/\/visitkerkonkoski.fi\/wp-content\/uploads\/IMG_6316.jpg&#8221; title_text=&#8221;Screenshot&#8221; _builder_version=&#8221;4.23&#8243; _module_preset=&#8221;default&#8221; locked=&#8221;off&#8221; global_colors_info=&#8221;{}&#8221;][\/et_pb_image][et_pb_text admin_label=&#8221;Text&#8221; _builder_version=&#8221;4.17.4&#8243; text_font=&#8221;Armata||||||||&#8221; text_font_size=&#8221;21px&#8221; background_size=&#8221;initial&#8221; background_position=&#8221;top_left&#8221; background_repeat=&#8221;repeat&#8221; custom_padding=&#8221;39px|||||&#8221; locked=&#8221;off&#8221; global_colors_info=&#8221;{}&#8221;]<\/p>\n<div><span style=\"color: #141827;\"><span style=\"font-size: 18px; font-weight: 500;\"><strong>KIERR\u00c4T\u00c4, HUOLLA JA OPI:<\/strong><br \/>Per\u00e4konttikirppis ja kest\u00e4v\u00e4n arjen p\u00e4iv\u00e4<br \/>Sunnuntaina 28.6. klo 12-15\u00a0<\/span><\/span><\/div>\n<p>&nbsp;<\/p>\n<p><strong>Per\u00e4konttikirppis<\/strong><br \/>Seuralan kent\u00e4ll\u00e4<br \/>klo 12-15<br \/>Paikkamaksu 5\u20ac.<br \/>Ei ennakkoilmoittautumista.<\/p>\n<p><strong>Kes\u00e4kirppis ja Ketter\u00e4n kahvio<\/strong><br \/>Seuralassa<br \/>Avoinna klo 12-18<\/p>\n<p><strong>Ruusun Galleria<\/strong><br \/>Kiesim\u00e4ntie 100<br \/>Taidegalleria ja kierr\u00e4tystaiteen non-stop ty\u00f6paja<br \/>Avoinna klo 12-16<br \/>Materiaalimaksu 10e\/hl\u00f6<br \/>Materiaalimaksu ohjataan Kerkonkosken Ketter\u00e4n hyv\u00e4ksi<\/p>\n<p><strong>Maksuton huoltopaja<\/strong><br \/>Seuralan kent\u00e4ll\u00e4 ja Wanhalla Myllyll\u00e4<br \/>Avoinna klo 12-15<br \/>Huoltoa ja korjausvinkkej\u00e4<br \/>Nahkatuotteiden pikahuoltoa ja vetoketjun kotikorjauskonstit<br \/>Tuo oma nahkatuote mukanasi huollettavaksi<br \/>Ohjaajana Susun Ompelimo Vesannolta<\/p>\n<p><strong>GreenSavo-piste<\/strong><br \/>Avoinna klo 12-15<br \/>Kest\u00e4v\u00e4n arjen vinkit<br \/>Pihan monimuotoisuusteot<br \/>Ohjeet linnunp\u00f6ntt\u00f6jen ja p\u00f6rri\u00e4ispesien tekoon<\/p>\n<p>Tule mukaan myym\u00e4\u00e4n, l\u00f6yt\u00e4m\u00e4\u00e4n, huoltamaan ja oppimaan!<\/p>\n<p>Tapahtuman j\u00e4rjest\u00e4\u00e4 yhteisty\u00f6ss\u00e4 Kerkonkosken Ketter\u00e4 ja GreenSavo-hanke (SavoGrow)<br \/>Lis\u00e4tietoja: Kerkonkosken Ketter\u00e4\/Ulla Ruotsalainen 044 540 9684<\/p>\n<div class=\"l7ghb35v kjdc1dyq kmwttqpk gh25dzvf jikcssrz\">\n<p><strong><\/strong><\/p>\n<p><strong><\/strong><\/p>\n<\/div>\n<p>[\/et_pb_text][\/et_pb_column][\/et_pb_row][\/et_pb_section]<\/p>","protected":false},"excerpt":{"rendered":"<p>KIERR\u00c4T\u00c4, HUOLLA JA OPI:Per\u00e4konttikirppis ja kest\u00e4v\u00e4n arjen p\u00e4iv\u00e4Sunnuntaina 28.6. klo 12-15\u00a0 &nbsp; Per\u00e4konttikirppisSeuralan kent\u00e4ll\u00e4klo 12-15Paikkamaksu 5\u20ac.Ei ennakkoilmoittautumista. Kes\u00e4kirppis ja Ketter\u00e4n kahvioSeuralassaAvoinna klo 12-18 Ruusun GalleriaKiesim\u00e4ntie 100Taidegalleria ja kierr\u00e4tystaiteen non-stop ty\u00f6pajaAvoinna [&hellip;]<\/p>","protected":false},"author":4,"featured_media":0,"template":"","meta":{"_et_pb_use_builder":"on","_et_pb_old_content":"","_et_gb_content_width":"","_monsterinsights_skip_tracking":false,"_monsterinsights_sitenote_active":false,"_monsterinsights_sitenote_note":"","_monsterinsights_sitenote_category":0,"_tribe_events_status":"","_tribe_events_status_reason":"","footnotes":""},"tags":[],"tribe_events_cat":[],"class_list":["post-5325","tribe_events","type-tribe_events","status-publish","hentry"],"yoast_head":"<!-- This site is optimized with the Yoast SEO plugin v26.5 - https:\/\/yoast.com\/wordpress\/plugins\/seo\/ -->\n<title>Kierr\u00e4t\u00e4, huolla ja opi: Per\u00e4konttikirppis ja kest\u00e4v\u00e4n arjen p\u00e4iv\u00e4 - Visit Kerkonkoski<\/title>\n<meta name=\"description\" content=\"Kierr\u00e4t\u00e4, huolla ja opi: Per\u00e4konttikirppis ja kest\u00e4v\u00e4n arjen p\u00e4iv\u00e4 sunnuntaina 28.6. Kerkonkoskella. Kes\u00e4inen tapahtuma t\u00e4ynn\u00e4 l\u00f6yt\u00f6j\u00e4, huoltoa ja uusia ideoita.\" \/>\n<meta name=\"robots\" content=\"index, follow, max-snippet:-1, max-image-preview:large, max-video-preview:-1\" \/>\n<link rel=\"canonical\" href=\"https:\/\/visitkerkonkoski.fi\/en\/ajankohtaista\/kierrata-huolla-ja-opi-perakonttikirppis-ja-kestavan-arjen-paiva\/\" \/>\n<meta property=\"og:locale\" content=\"en_US\" \/>\n<meta property=\"og:type\" content=\"article\" \/>\n<meta property=\"og:title\" content=\"Kierr\u00e4t\u00e4, huolla ja opi\" \/>\n<meta property=\"og:description\" content=\"Kierr\u00e4t\u00e4, huolla ja opi: Per\u00e4konttikirppis ja kest\u00e4v\u00e4n arjen p\u00e4iv\u00e4 sunnuntaina 28.6. Kerkonkoskella. Kes\u00e4inen tapahtuma t\u00e4ynn\u00e4 l\u00f6yt\u00f6j\u00e4, huoltoa ja uusia ideoita.\" \/>\n<meta property=\"og:url\" content=\"https:\/\/visitkerkonkoski.fi\/en\/ajankohtaista\/kierrata-huolla-ja-opi-perakonttikirppis-ja-kestavan-arjen-paiva\/\" \/>\n<meta property=\"og:site_name\" content=\"Visit Kerkonkoski\" \/>\n<meta property=\"article:modified_time\" content=\"2026-04-24T15:23:43+00:00\" \/>\n<meta property=\"og:image\" content=\"https:\/\/visitkerkonkoski.fi\/wp-content\/uploads\/IMG_6316.jpg\" \/>\n\t<meta property=\"og:image:width\" content=\"1170\" \/>\n\t<meta property=\"og:image:height\" content=\"606\" \/>\n\t<meta property=\"og:image:type\" content=\"image\/jpeg\" \/>\n<meta name=\"twitter:card\" content=\"summary_large_image\" \/>\n<meta name=\"twitter:title\" content=\"Kierr\u00e4t\u00e4, huolla ja opi\" \/>\n<meta name=\"twitter:description\" content=\"Kierr\u00e4t\u00e4, huolla ja opi: Per\u00e4konttikirppis ja kest\u00e4v\u00e4n arjen p\u00e4iv\u00e4 sunnuntaina 28.6. Kerkonkoskella. Kes\u00e4inen tapahtuma t\u00e4ynn\u00e4 l\u00f6yt\u00f6j\u00e4, huoltoa ja uusia ideoita.\" \/>\n<meta name=\"twitter:image\" content=\"https:\/\/visitkerkonkoski.fi\/wp-content\/uploads\/IMG_6316.jpg\" \/>\n<script type=\"application\/ld+json\" class=\"yoast-schema-graph\">{\"@context\":\"https:\/\/schema.org\",\"@graph\":[{\"@type\":\"WebPage\",\"@id\":\"https:\/\/visitkerkonkoski.fi\/ajankohtaista\/kierrata-huolla-ja-opi-perakonttikirppis-ja-kestavan-arjen-paiva\/\",\"url\":\"https:\/\/visitkerkonkoski.fi\/ajankohtaista\/kierrata-huolla-ja-opi-perakonttikirppis-ja-kestavan-arjen-paiva\/\",\"name\":\"Kierr\u00e4t\u00e4, huolla ja opi: Per\u00e4konttikirppis ja kest\u00e4v\u00e4n arjen p\u00e4iv\u00e4 - Visit Kerkonkoski\",\"isPartOf\":{\"@id\":\"https:\/\/visitkerkonkoski.fi\/#website\"},\"datePublished\":\"2026-04-24T14:55:21+00:00\",\"dateModified\":\"2026-04-24T15:23:43+00:00\",\"description\":\"Kierr\u00e4t\u00e4, huolla ja opi: Per\u00e4konttikirppis ja kest\u00e4v\u00e4n arjen p\u00e4iv\u00e4 sunnuntaina 28.6. Kerkonkoskella. Kes\u00e4inen tapahtuma t\u00e4ynn\u00e4 l\u00f6yt\u00f6j\u00e4, huoltoa ja uusia ideoita.\",\"breadcrumb\":{\"@id\":\"https:\/\/visitkerkonkoski.fi\/ajankohtaista\/kierrata-huolla-ja-opi-perakonttikirppis-ja-kestavan-arjen-paiva\/#breadcrumb\"},\"inLanguage\":\"en-US\",\"potentialAction\":[{\"@type\":\"ReadAction\",\"target\":[\"https:\/\/visitkerkonkoski.fi\/ajankohtaista\/kierrata-huolla-ja-opi-perakonttikirppis-ja-kestavan-arjen-paiva\/\"]}]},{\"@type\":\"BreadcrumbList\",\"@id\":\"https:\/\/visitkerkonkoski.fi\/ajankohtaista\/kierrata-huolla-ja-opi-perakonttikirppis-ja-kestavan-arjen-paiva\/#breadcrumb\",\"itemListElement\":[{\"@type\":\"ListItem\",\"position\":1,\"name\":\"Etusivu\",\"item\":\"https:\/\/visitkerkonkoski.fi\/\"},{\"@type\":\"ListItem\",\"position\":2,\"name\":\"Tapahtumat\",\"item\":\"https:\/\/visitkerkonkoski.fi\/events\/\"},{\"@type\":\"ListItem\",\"position\":3,\"name\":\"Kierr\u00e4t\u00e4, huolla ja opi: Per\u00e4konttikirppis ja kest\u00e4v\u00e4n arjen p\u00e4iv\u00e4\"}]},{\"@type\":\"WebSite\",\"@id\":\"https:\/\/visitkerkonkoski.fi\/#website\",\"url\":\"https:\/\/visitkerkonkoski.fi\/\",\"name\":\"Visit Kerkonkoski\",\"description\":\"Kerkonkosken virallinen matkailusivusto\",\"potentialAction\":[{\"@type\":\"SearchAction\",\"target\":{\"@type\":\"EntryPoint\",\"urlTemplate\":\"https:\/\/visitkerkonkoski.fi\/?s={search_term_string}\"},\"query-input\":{\"@type\":\"PropertyValueSpecification\",\"valueRequired\":true,\"valueName\":\"search_term_string\"}}],\"inLanguage\":\"en-US\"}]}<\/script>\n<!-- \/ Yoast SEO plugin. -->","yoast_head_json":{"title":"Kierr\u00e4t\u00e4, huolla ja opi: Per\u00e4konttikirppis ja kest\u00e4v\u00e4n arjen p\u00e4iv\u00e4 - Visit Kerkonkoski","description":"Kierr\u00e4t\u00e4, huolla ja opi: Per\u00e4konttikirppis ja kest\u00e4v\u00e4n arjen p\u00e4iv\u00e4 sunnuntaina 28.6. Kerkonkoskella. Kes\u00e4inen tapahtuma t\u00e4ynn\u00e4 l\u00f6yt\u00f6j\u00e4, huoltoa ja uusia ideoita.","robots":{"index":"index","follow":"follow","max-snippet":"max-snippet:-1","max-image-preview":"max-image-preview:large","max-video-preview":"max-video-preview:-1"},"canonical":"https:\/\/visitkerkonkoski.fi\/en\/ajankohtaista\/kierrata-huolla-ja-opi-perakonttikirppis-ja-kestavan-arjen-paiva\/","og_locale":"en_US","og_type":"article","og_title":"Kierr\u00e4t\u00e4, huolla ja opi","og_description":"Kierr\u00e4t\u00e4, huolla ja opi: Per\u00e4konttikirppis ja kest\u00e4v\u00e4n arjen p\u00e4iv\u00e4 sunnuntaina 28.6. Kerkonkoskella. Kes\u00e4inen tapahtuma t\u00e4ynn\u00e4 l\u00f6yt\u00f6j\u00e4, huoltoa ja uusia ideoita.","og_url":"https:\/\/visitkerkonkoski.fi\/en\/ajankohtaista\/kierrata-huolla-ja-opi-perakonttikirppis-ja-kestavan-arjen-paiva\/","og_site_name":"Visit Kerkonkoski","article_modified_time":"2026-04-24T15:23:43+00:00","og_image":[{"width":1170,"height":606,"url":"https:\/\/visitkerkonkoski.fi\/wp-content\/uploads\/IMG_6316.jpg","type":"image\/jpeg"}],"twitter_card":"summary_large_image","twitter_title":"Kierr\u00e4t\u00e4, huolla ja opi","twitter_description":"Kierr\u00e4t\u00e4, huolla ja opi: Per\u00e4konttikirppis ja kest\u00e4v\u00e4n arjen p\u00e4iv\u00e4 sunnuntaina 28.6. Kerkonkoskella. Kes\u00e4inen tapahtuma t\u00e4ynn\u00e4 l\u00f6yt\u00f6j\u00e4, huoltoa ja uusia ideoita.","twitter_image":"https:\/\/visitkerkonkoski.fi\/wp-content\/uploads\/IMG_6316.jpg","schema":{"@context":"https:\/\/schema.org","@graph":[{"@type":"WebPage","@id":"https:\/\/visitkerkonkoski.fi\/ajankohtaista\/kierrata-huolla-ja-opi-perakonttikirppis-ja-kestavan-arjen-paiva\/","url":"https:\/\/visitkerkonkoski.fi\/ajankohtaista\/kierrata-huolla-ja-opi-perakonttikirppis-ja-kestavan-arjen-paiva\/","name":"Kierr\u00e4t\u00e4, huolla ja opi: Per\u00e4konttikirppis ja kest\u00e4v\u00e4n arjen p\u00e4iv\u00e4 - Visit Kerkonkoski","isPartOf":{"@id":"https:\/\/visitkerkonkoski.fi\/#website"},"datePublished":"2026-04-24T14:55:21+00:00","dateModified":"2026-04-24T15:23:43+00:00","description":"Kierr\u00e4t\u00e4, huolla ja opi: Per\u00e4konttikirppis ja kest\u00e4v\u00e4n arjen p\u00e4iv\u00e4 sunnuntaina 28.6. Kerkonkoskella. Kes\u00e4inen tapahtuma t\u00e4ynn\u00e4 l\u00f6yt\u00f6j\u00e4, huoltoa ja uusia ideoita.","breadcrumb":{"@id":"https:\/\/visitkerkonkoski.fi\/ajankohtaista\/kierrata-huolla-ja-opi-perakonttikirppis-ja-kestavan-arjen-paiva\/#breadcrumb"},"inLanguage":"en-US","potentialAction":[{"@type":"ReadAction","target":["https:\/\/visitkerkonkoski.fi\/ajankohtaista\/kierrata-huolla-ja-opi-perakonttikirppis-ja-kestavan-arjen-paiva\/"]}]},{"@type":"BreadcrumbList","@id":"https:\/\/visitkerkonkoski.fi\/ajankohtaista\/kierrata-huolla-ja-opi-perakonttikirppis-ja-kestavan-arjen-paiva\/#breadcrumb","itemListElement":[{"@type":"ListItem","position":1,"name":"Etusivu","item":"https:\/\/visitkerkonkoski.fi\/"},{"@type":"ListItem","position":2,"name":"Tapahtumat","item":"https:\/\/visitkerkonkoski.fi\/events\/"},{"@type":"ListItem","position":3,"name":"Kierr\u00e4t\u00e4, huolla ja opi: Per\u00e4konttikirppis ja kest\u00e4v\u00e4n arjen p\u00e4iv\u00e4"}]},{"@type":"WebSite","@id":"https:\/\/visitkerkonkoski.fi\/#website","url":"https:\/\/visitkerkonkoski.fi\/","name":"Visit Kerkonkoski","description":"Kerkonkosken virallinen matkailusivusto","potentialAction":[{"@type":"SearchAction","target":{"@type":"EntryPoint","urlTemplate":"https:\/\/visitkerkonkoski.fi\/?s={search_term_string}"},"query-input":{"@type":"PropertyValueSpecification","valueRequired":true,"valueName":"search_term_string"}}],"inLanguage":"en-US"}]}},"_links":{"self":[{"href":"https:\/\/visitkerkonkoski.fi\/en\/wp-json\/wp\/v2\/tribe_events\/5325","targetHints":{"allow":["GET"]}}],"collection":[{"href":"https:\/\/visitkerkonkoski.fi\/en\/wp-json\/wp\/v2\/tribe_events"}],"about":[{"href":"https:\/\/visitkerkonkoski.fi\/en\/wp-json\/wp\/v2\/types\/tribe_events"}],"author":[{"embeddable":true,"href":"https:\/\/visitkerkonkoski.fi\/en\/wp-json\/wp\/v2\/users\/4"}],"version-history":[{"count":4,"href":"https:\/\/visitkerkonkoski.fi\/en\/wp-json\/wp\/v2\/tribe_events\/5325\/revisions"}],"predecessor-version":[{"id":5331,"href":"https:\/\/visitkerkonkoski.fi\/en\/wp-json\/wp\/v2\/tribe_events\/5325\/revisions\/5331"}],"wp:attachment":[{"href":"https:\/\/visitkerkonkoski.fi\/en\/wp-json\/wp\/v2\/media?parent=5325"}],"wp:term":[{"taxonomy":"post_tag","embeddable":true,"href":"https:\/\/visitkerkonkoski.fi\/en\/wp-json\/wp\/v2\/tags?post=5325"},{"taxonomy":"tribe_events_cat","embeddable":true,"href":"https:\/\/visitkerkonkoski.fi\/en\/wp-json\/wp\/v2\/tribe_events_cat?post=5325"}],"curies":[{"name":"wp","href":"https:\/\/api.w.org\/{rel}","templated":true}]}}